{"id":53,"date":"2016-01-31T14:36:41","date_gmt":"2016-01-31T13:36:41","guid":{"rendered":"http:\/\/blog.anep-economics.org\/?page_id=53"},"modified":"2022-01-04T10:22:42","modified_gmt":"2022-01-04T09:22:42","slug":"uber-anep-economics","status":"publish","type":"page","link":"https:\/\/blog.anep-economics.org\/?page_id=53&lang=de","title":{"rendered":"\u00dcber ANEP Economics e.V."},"content":{"rendered":"<p><strong>A<\/strong>kademie f\u00fcr <strong>N<\/strong>eue <strong>E<\/strong>urop\u00e4ische <strong>P<\/strong>olitische \u00d6konomie<\/p>\n<p>Im 19. Jahrhundert wurde die &#8222;Politische \u00d6konomie&#8220; durch (neoklassische) &#8222;\u00d6konomik&#8220; ersetzt. Die neoklassischen \u00d6konomen um L\u00e9on Walras wollten die &#8222;Physiker der Gesellschaft&#8220; sein. Man wollte &#8222;wissenschaftlich&#8220; oder &#8222;mathematisch&#8220; exakt sein und eine Theorie entwerfen, die f\u00fcr alle Menschen zu allen Zeiten gilt &#8211; keine Theorie einer historisch spezifischen, europ\u00e4ischen Gesellschaftsform.&nbsp;&nbsp; Nicht mehr das &#8222;sozialwissenschaftlich Ungef\u00e4hre&#8220; und historisch spezifische der politischen \u00d6konomie.&nbsp; So exakt wie die newtonsche Physik sollte die \u00d6konomik sein. Die newtonsche Physik war hochmodern im 19. Jahrhundert. Heute ist sie es genau so wenig wie es die neoklassische \u00d6knonomik ist.<\/p>\n<p>Es ist an der Zeit, dass \u00d6konomik wieder politisch wird und systematisch die Geschichte des Westens und den systematischen Kulturvergleich mit au\u00dfereurop\u00e4ischen Kulturen und vorstaatlichen Stammesgemeinschaften einbezieht.&nbsp; Eine der gr\u00f6\u00dften gegenw\u00e4rtigen Herausforderungen, n\u00e4mlich die &#8222;Armut der Entwicklungsl\u00e4nder&#8220;, l\u00e4sst sich ohne diesen Perspektivenwechsel nicht sinnvoll angehen. Die politische \u00d6konomie des 21. Jahrhundert hei\u00dft &#8222;political economics&#8220;.<\/p>\n<p>Das was heute &#8222;Kapitalismus&#8220; oder &#8222;Marktwirtschaft&#8220; genannt wird hat sehr tief gehende Wurzeln in europ\u00e4ischem &#8211; genauer: griechisch-r\u00f6mischem &#8211; Denken, speziell im r\u00f6mischen Recht.&nbsp; Die Neue Politische \u00d6konomie des 21. Jahrhunderts hei\u00dft deshalb richtig: &#8222;New European Political Economics&#8220;. Das was &#8222;Eurokrise&#8220; genannt wird basiert zu gro\u00dfen Teilen auch darauf, dass diese kulturell und historisch relativen, spezifisch &#8222;europ\u00e4ischen&#8220; Wurzeln nicht im Blick der bisherigen \u00d6konomik sind, sondern durch den ideologisch verst\u00e4ndlichen, aber empirisch falschen Universalismus des Naturrechts (&#8222;Menschenrechte&#8220;) und der neoklassischen \u00d6konomie vernebelt werden.<\/p>\n<p>Deshalb halten wir es f\u00fcr sinnvoll das &#8222;europ\u00e4ische&#8220; direkt in den Namen dieser Forschungsrichtung aufzunehmen und beziehen&nbsp; uns systematisch nicht nur auf r\u00f6misches Recht, sondern auch auf rechtsethnologische und rechtsvergleichende Standardwerke, um die historische, kulturelle und geographische Spezifik der europ\u00e4ischen Zivilisation klar herauszuarbeiten. Dem naturrechtlich fundierten Menschenbild des 19. Jahrhunderts und dem &#8222;homo oeconomicus&#8220; der Neoklassik stellen wir dabei ein in vergleichender empirischer Forschung gewonnenes, realistischeres Menschenbild entgegen, das auf Ergebnissen der evolution\u00e4ren Anthropologie und der Kultur- und Sozialanthropologie beruht (siehe <a href=\"https:\/\/www.youtube.com\/playlist?list=PLyRk2yIHSNKmo7KQbRgumvLVFONwvPTOa\" target=\"_blank\" rel=\"noopener\">hier<\/a>).<\/p>\n<p>Diese dezidiert transdisziplin\u00e4re Ansatz l\u00e4dt Vertreter der Diszplinen Recht, Buchhaltung, BWL, VWL, Politikwissenschaft, Ethnologie und Geschichte ein, \u00fcber die Tellerr\u00e4nder ihrer Fachdisziplinen hinauszuschauen und aus defokussierter Perspektive klar zu sehen, welche europ\u00e4ischen Grundideen es sind, die all diese sozialwissenschaftlichen Fachdisziplinen im innersten zusammenhalten; er richtet sich aber auch und vor allem an die B\u00fcrger Europas, die den grundlegenden Zusammenh\u00e4ngen und Beziehungsmustern ihrer eigenen Zivilisation auf die Spur zu kommen, um diese besser verstehen und gezielter und realistischer mitgestalten zu k\u00f6nnen.<\/p>\n<p>Die Neue Europ\u00e4ische Politische \u00d6konomie (New European Political Economics) zielt dabei auch darauf, die Krise der Eurozone und der EU so tiefgehend zu analysieren, dass daraus konkrete politische Handlungsanweisungen entstehen k\u00f6nnen.<\/p>\n<p>Die Akademie f\u00fcr neue europ\u00e4ische politische \u00d6konomie (ANEP economics e.V.) ist die Heimat dieser neuen Art des polit-\u00f6konomischen Denkens.<\/p>\n<p>Ein \u00dcberblick \u00fcber den generellen Rahmen, den wir f\u00fcr ein zureichendes Verst\u00e4ndnis von westlicher Zivilisation und modernem &#8222;Kapitalismus&#8220; f\u00fcr unverzichtbar halten und der auf den spezifisch europ\u00e4ischen Erfindungen des r\u00f6mischen Rechts, der doppelten Buchhaltung, der gesamtwirtschaftlichen Verm\u00f6gensrechnung und dem Werk des deutschen \u00d6konomen <a href=\"https:\/\/de.wikipedia.org\/wiki\/Wolfgang_St%C3%BCtzel\" target=\"_blank\" rel=\"noopener\">Wolfgang St\u00fctzel<\/a>&nbsp; (mehr zu ihm <a href=\"https:\/\/books.google.de\/books\/about\/Wolfgang_St%C3%BCtzel.html?id=Aw2Wci5mAxoC&amp;redir_esc=y\" target=\"_blank\" rel=\"noopener\">hier<\/a> und ultrakurz <a href=\"https:\/\/blog.zeit.de\/herdentrieb\/2013\/01\/09\/zu-unrecht-vergessen-wolfgang-stutzel-und-seine-saldenmechanik_5632\" target=\"_blank\" rel=\"noopener\">hier<\/a>) beruht, findet sich in der Video-Dokumentation unseres <a href=\"https:\/\/www.youtube.com\/redirect?redir_token=FYm09R6saJCynKFrzOiAnJqybAR8MTUyOTQyNzcxOEAxNTI5MzQxMzE4&amp;q=https%3A%2F%2Fwww.bi.edu%2Fresearch%2Ffind-departments-and-research-centres%2Fdepartments%2Fdepartment-of-law-and-governance%2Fevent%2Fa-critical-introduction-to-new-european-political-economics-and-legal-institutionalism%2F&amp;event=video_description&amp;v=s_dVqEqsFPk\" target=\"_blank\" rel=\"noopener\">Einf\u00fchrungsseminars<\/a>:<\/p>\n<p>Teil 1:&nbsp; <a href=\"https:\/\/www.youtube.com\/watch?v=s_dVqEqsFPk&amp;index=1&amp;list=PLyRk2yIHSNKl68kve8CufAgNc5cCOvKiy\" target=\"_blank\" rel=\"noopener\">Legal Foundations of Western Civilization<\/a><\/p>\n<p>Teil 2:&nbsp; <a href=\"https:\/\/www.youtube.com\/watch?v=rUEn9D59zoo&amp;list=PLyRk2yIHSNKl68kve8CufAgNc5cCOvKiy&amp;index=2\" target=\"_blank\" rel=\"noopener\">Accounting, Money &amp; Banking in Terms of Law<\/a><\/p>\n<p>Teil 3: <a href=\"https:\/\/www.youtube.com\/watch?v=X5tmtw8p5MA&amp;list=PLyRk2yIHSNKl68kve8CufAgNc5cCOvKiy&amp;index=3\" target=\"_blank\" rel=\"noopener\">Theory of Business Cycles I<\/a><\/p>\n<p>Teil 4: <a href=\"https:\/\/www.youtube.com\/watch?v=tUvGloRaVnw&amp;list=PLyRk2yIHSNKl68kve8CufAgNc5cCOvKiy&amp;index=4\" target=\"_blank\" rel=\"noopener\">Theory of Business Cycles II<\/a><\/p>\n<p>Teil 5: <a href=\"https:\/\/www.youtube.com\/watch?v=yQs8Zlf_1p4&amp;index=5&amp;list=PLyRk2yIHSNKl68kve8CufAgNc5cCOvKiy\" target=\"_blank\" rel=\"noopener\">Conceptualizing Capitalism:&nbsp; Legal Institutionalism <\/a><\/p>\n<p>Einen kurzen Ein- und \u00dcberblick in deutscher Sprache gibt es auch <a href=\"https:\/\/www.youtube.com\/watch?v=uTeitNdwILQ#t=25m41s\" target=\"_blank\" rel=\"noopener\">hier<\/a>.<\/p>\n","protected":false},"excerpt":{"rendered":"<p>Akademie f\u00fcr Neue Europ\u00e4ische Politische \u00d6konomie Im 19. Jahrhundert wurde die &#8222;Politische \u00d6konomie&#8220; durch (neoklassische) &#8222;\u00d6konomik&#8220; ersetzt. Die neoklassischen \u00d6konomen um L\u00e9on Walras wollten die &#8222;Physiker der Gesellschaft&#8220; sein. Man wollte &#8222;wissenschaftlich&#8220; oder &#8222;mathematisch&#8220; exakt sein und eine Theorie entwerfen, die f\u00fcr alle Menschen zu allen Zeiten gilt &#8211; keine Theorie einer historisch spezifischen, europ\u00e4ischen&hellip; <a class=\"more-link\" href=\"https:\/\/blog.anep-economics.org\/?page_id=53&#038;lang=de\"><span class=\"screen-reader-text\">\u00dcber ANEP Economics e.V.<\/span> weiterlesen<\/a><\/p>\n","protected":false},"author":1,"featured_media":0,"parent":0,"menu_order":0,"comment_status":"closed","ping_status":"closed","template":"","meta":{"_bbp_topic_count":0,"_bbp_reply_count":0,"_bbp_total_topic_count":0,"_bbp_total_reply_count":0,"_bbp_voice_count":0,"_bbp_anonymous_reply_count":0,"_bbp_topic_count_hidden":0,"_bbp_reply_count_hidden":0,"_bbp_forum_subforum_count":0,"footnotes":""},"class_list":["post-53","page","type-page","status-publish","hentry","entry"],"_links":{"self":[{"href":"https:\/\/blog.anep-economics.org\/index.php?rest_route=\/wp\/v2\/pages\/53","targetHints":{"allow":["GET"]}}],"collection":[{"href":"https:\/\/blog.anep-economics.org\/index.php?rest_route=\/wp\/v2\/pages"}],"about":[{"href":"https:\/\/blog.anep-economics.org\/index.php?rest_route=\/wp\/v2\/types\/page"}],"author":[{"embeddable":true,"href":"https:\/\/blog.anep-economics.org\/index.php?rest_route=\/wp\/v2\/users\/1"}],"replies":[{"embeddable":true,"href":"https:\/\/blog.anep-economics.org\/index.php?rest_route=%2Fwp%2Fv2%2Fcomments&post=53"}],"version-history":[{"count":30,"href":"https:\/\/blog.anep-economics.org\/index.php?rest_route=\/wp\/v2\/pages\/53\/revisions"}],"predecessor-version":[{"id":2025,"href":"https:\/\/blog.anep-economics.org\/index.php?rest_route=\/wp\/v2\/pages\/53\/revisions\/2025"}],"wp:attachment":[{"href":"https:\/\/blog.anep-economics.org\/index.php?rest_route=%2Fwp%2Fv2%2Fmedia&parent=53"}],"curies":[{"name":"wp","href":"https:\/\/api.w.org\/{rel}","templated":true}]}}